
  
{"id":451,"date":"2017-12-15T10:26:09","date_gmt":"2017-12-15T10:26:09","guid":{"rendered":"http:\/\/demo2.drfuri.com\/martfury\/?page_id=451"},"modified":"2019-05-17T16:03:44","modified_gmt":"2019-05-17T14:03:44","slug":"term-conditions","status":"publish","type":"page","link":"https:\/\/nouvelanamilan.com\/en\/term-conditions\/","title":{"rendered":"Term &#038; Conditions"},"content":{"rendered":"<p>Informativa al RICHIEDENTE ai sensi del Decreto Legislativo 196\/2003 e consenso al trattamento dei dati Il Decreto Legislativo n. 196 del 30 giugno 2003 garantisce che il trattamento dei dati personali si svolga nel rispetto dei diritti, delle libert\u00e0 fondamentali e della dignit\u00e0 dell&#8217;interessato, con particolare riferimento alla riservatezza, all&#8217;identit\u00e0 personale ed al diritto alla protezione dei dati personali. La legge stabilisce che la persona riceva informazioni circa finalit\u00e0 e modalit\u00e0 di trattamento dei suoi dati personali e che all&#8217;interessato (qui qualificato come &#8220;RICHIEDENTE&#8221;) sia richiesto il consenso espresso per iscritto.<\/p>\n<p>1) In ottemperanza a quanto disposto dall&#8217;art. 13 del decreto indicato, CAPODANNO A MILANO comunica al RICHIEDENTE che il trattamento dei dati, che sono stati comunicati e\/o verranno comunicati dal RICHIEDENTE o comunque acquisiti in corso di rapporto, sar\u00e0 effettuato da CAPODANNO A MILANO secondo criteri di liceit\u00e0 e correttezza, nella piena tutela del diritto alla riservatezza.<\/p>\n<p>Si informa pertanto che: I dati del RICHIEDENTE come sopra acquisiti vengono trattati per le seguenti finalit\u00e0:<br \/>\nA) al fine dell&#8217;esecuzione degli obblighi derivanti dal rapporto cui accede la presente informativa e segnatamente nel consentire ai RICHIEDENTI REGISTRATI l&#8217;accesso ai &#8220;servizi riservati&#8221;<br \/>\nB) al fine della comunicazione dei dati alle competenti Autorit\u00e0 ai sensi di legge: ad esempio, nei casi di richieste di ispezione dell&#8217;Autorit\u00e0 fiscale, nel caso di denuncia di violazione dei diritti delle persone o dei soggetti giuridici che siano stati oggetto di commenti reputati offensivi e\/o diffamatori.<br \/>\nC) previo consenso del RICHIEDENTE, espresso in calce alla presente informativa, per comunicazioni informative circa eventi e\/o attivit\u00e0 culturali e\/o iniziative organizzate da CAPODANNO A MILANO, e comunicazioni commerciali\/pubblicitarie e\/o di vendita, anche relative a servizi e\/o beni offerti da terzi, a mezzo posta elettronica, internet, ed SMS.<br \/>\nD) previo consenso del RICHIEDENTE, espresso in calce alla presente informativa, a fini del compimento di ricerche statistiche e di mercato, attraverso la definizione degli orientamenti nel mercato e\/o preferenze commerciali del RICHIEDENTE;<\/p>\n<p>2) II trattamento dei dati del RICHIEDENTE viene effettuato con l&#8217;ausilio di supporti elettronici ed automatizzati di tipo informatico, tramite Server collegati in rete . Le metodologie applicate garantiscono, infatti, la non interferenza tra i trattamenti relativi alle varie finalit\u00e0 e l&#8217;accesso limitato ai soli incaricati per ciascuna delle finalit\u00e0 inerenti il rapporto intercorrente tra il RICHIEDENTE e CAPODANNO A MILANO.<br \/>\nIl RICHIEDENTE avr\u00e0 sempre diritto di integrare, modificare e\/o aggiornare i propri dati, in qualsiasi momento, mediante richiesta scritta all&#8217;indirizzo di posta elettronica: info@capodannoamilano.it<\/p>\n<p>3) Il conferimento dei dati da parte del RICHIEDENTE deve ritenersi obbligatorio per le finalit\u00e0 di cui al precedente punto n.1, lett. A) e B) e pertanto il suo eventuale rifiuto determina l&#8217;impossibilit\u00e0 a prestare il servizio richiesto.<\/p>\n<p>4) I dati in nostro possesso sono esclusivamente quelli fornitici dal RICHIEDENTE registrato on line.<\/p>\n<p>Del RICHIEDENTE REGISTRATO conserviamo i seguenti dati: Indirizzo di posta elettronica (OBBLIGATORI PER REGISTRARSI) e Numero di Telefono cellulare (FACOLTATIVO PER REGISTARSI).<\/p>\n<p>Sul nostro sito www.capodannoamilano.it NON pubblichiamo: Indirizzo di posta elettronica, Numero di cellulare, Dati di accesso. Non trattiamo dati sensibili o giudiziari. Eventuali dati trasmessi, attraverso commenti e\/o messaggi, dai RICHIEDENTI REGISTRATI, riguardanti gli stessi o soggetti terzi, che possano assurgere alla categoria di dati sensibili (ai sensi del Decreto Legislativo 196\/2003) verranno trattati esclusivamente per finalit\u00e0 di archivio storico, e non saranno in alcun modo oggetto di comunicazione o diffusione a terzi.<\/p>\n<p>Il RICHIEDENTE REGISTRATO comunicando tali dati ne acconsente la pubblicazione e si assume tutte le responsabilit\u00e0 conseguenti. I dati in questione potranno essere comunicati, per tutte le finalit\u00e0 indicate al precedente punto 1, lett. A) e B) a soggetti terzi, incaricati dell&#8217;esecuzione di attivit\u00e0 direttamente connesse e strumentali all&#8217;esecuzione del rapporto (ad esempio per la prenotazione di tavoli nei locali), nonch\u00e9 &#8211; previo consenso del RICHIEDENTE &#8211; a soggetti e\/o societ\u00e0 terze per le finalit\u00e0 di cui al precedente punto n. 1 lett. C) e D).<\/p>\n<p>5) Il Titolare del trattamento dei suoi dati personali \u00e8 CAPODANNOAMILANO.it.<\/p>\n<p>DIRITTI DEL RICHIEDENTE<br \/>\nLa informiamo altres\u00ec che ai sensi dell&#8217;art 7 D.Lgs. n. 196\/2003:<\/p>\n<p>1. Il RICHIEDENTE ha diritto di ottenere la conferma dell&#8217;esistenza o meno di dati personali che lo riguardano, anche se non ancora registrati, e la loro comunicazione in forma intelligibile.<br \/>\n2. Il RICHIEDENTE ha diritto di ottenere l&#8217;indicazione: a) dell&#8217;origine dei dati personali; b) delle finalit\u00e0 e modalit\u00e0 del trattamento; c) della logica applicata in caso di trattamento effettuato con l&#8217;ausilio di strumenti elettronici; d) degli estremi identificativi del titolare, dei responsabili e del rappresentante designato ai sensi dell&#8217;articolo 5, comma 2; e) dei soggetti o delle categorie di soggetti ai quali i dati personali possono essere comunicati o che possono venirne a conoscenza in qualit\u00e0 di rappresentante designato nel territorio dello Stato, di responsabili o incaricati.<br \/>\n3. Il RICHIEDENTE ha diritto di ottenere:<br \/>\na) l&#8217;aggiornamento, la rettificazione ovvero, quando vi ha interesse, l&#8217;integrazione dei dati;<br \/>\nb) la cancellazione, la trasformazione in forma anonima o il blocco dei dati trattati in violazione di legge, compresi quelli di cui non \u00e8 necessaria la conservazione in relazione agli scopi per i quali i dati sono stati raccolti o successivamente trattati;<br \/>\nc) l&#8217;attestazione che le operazioni di cui alle lettere a) e b) sono state portate a conoscenza, anche per quanto riguarda il loro contenuto, di coloro ai quali i dati sono stati comunicati o diffusi, eccettuato il caso in cui tale adempimento si rivela impossibile o comporta un impiego di mezzi manifestamente sproporzionato rispetto al diritto tutelato.<br \/>\n4. Il RICHIEDENTE ha diritto di opporsi, in tutto o in parte:<br \/>\na) per motivi legittimi al trattamento dei dati personali che lo riguardano, ancorch\u00e9 pertinenti allo scopo della raccolta;<br \/>\nb) al trattamento di dati personali che lo riguardano a fini di invio di materiale pubblicitario o di vendita diretta o per il compimento di ricerche di mercato o di comunicazione commerciale.<\/p>\n<p>Per quanto riguarda le modalit\u00e0 di esercizio dei predetti diritti, si rinvia all&#8217;art. 8 (Esercizio dei diritti), art. 9 (Modalit\u00e0 di esercizio) ed art. 10 (Riscontro al RICHIEDENTE) del medesimo D.Lgs. 196\/2003.<\/p>\n<p>Per l&#8217;esercizio dei sopracitati diritti, potr\u00e0 contattare il responsabile del trattamento dei dati, scrivendo all&#8217;indirizzo di posta elettronica info@capodannoamilano.it<\/p>\n<p>Per ciascuna richiesta di cui al comma 1 pu\u00f2 essere chiesto al RICHIEDENTE, ove non risulti confermata l&#8217;esistenza di dati che lo riguardano, un contributo spese, non superiore ai costi effettivamente sopportati. I diritti di cui al comma 1 riferiti ai dati personali concernenti persone decedute possono essere esercitati da chiunque vi abbia interesse. Nell&#8217;esercizio dei diritti di cui al comma 1 il RICHIEDENTE pu\u00f2 conferire per iscritto, delega o procura a persone fisiche o ad associazioni.[\/vc_toggle][vc_toggle title=&#8221;&#8221; style=&#8221;text_only&#8221; size=&#8221;lg&#8221; open=&#8221;true&#8221;]Informativa al RICHIEDENTE ai sensi del Decreto Legislativo 196\/2003 e consenso al trattamento dei dati Il Decreto Legislativo n. 196 del 30 giugno 2003 garantisce che il trattamento dei dati personali si svolga nel rispetto dei diritti, delle libert\u00e0 fondamentali e della dignit\u00e0 dell&#8217;interessato, con particolare riferimento alla riservatezza, all&#8217;identit\u00e0 personale ed al diritto alla protezione dei dati personali. La legge stabilisce che la persona riceva informazioni circa finalit\u00e0 e modalit\u00e0 di trattamento dei suoi dati personali e che all&#8217;interessato (qui qualificato come &#8220;RICHIEDENTE&#8221;) sia richiesto il consenso espresso per iscritto.<\/p>\n<p>1) In ottemperanza a quanto disposto dall&#8217;art. 13 del decreto indicato, CAPODANNO A MILANO comunica al RICHIEDENTE che il trattamento dei dati, che sono stati comunicati e\/o verranno comunicati dal RICHIEDENTE o comunque acquisiti in corso di rapporto, sar\u00e0 effettuato da CAPODANNO A MILANO secondo criteri di liceit\u00e0 e correttezza, nella piena tutela del diritto alla riservatezza.<\/p>\n<p>Si informa pertanto che: I dati del RICHIEDENTE come sopra acquisiti vengono trattati per le seguenti finalit\u00e0:<br \/>\nA) al fine dell&#8217;esecuzione degli obblighi derivanti dal rapporto cui accede la presente informativa e segnatamente nel consentire ai RICHIEDENTI REGISTRATI l&#8217;accesso ai &#8220;servizi riservati&#8221;<br \/>\nB) al fine della comunicazione dei dati alle competenti Autorit\u00e0 ai sensi di legge: ad esempio, nei casi di richieste di ispezione dell&#8217;Autorit\u00e0 fiscale, nel caso di denuncia di violazione dei diritti delle persone o dei soggetti giuridici che siano stati oggetto di commenti reputati offensivi e\/o diffamatori.<br \/>\nC) previo consenso del RICHIEDENTE, espresso in calce alla presente informativa, per comunicazioni informative circa eventi e\/o attivit\u00e0 culturali e\/o iniziative organizzate da CAPODANNO A MILANO, e comunicazioni commerciali\/pubblicitarie e\/o di vendita, anche relative a servizi e\/o beni offerti da terzi, a mezzo posta elettronica, internet, ed SMS.<br \/>\nD) previo consenso del RICHIEDENTE, espresso in calce alla presente informativa, a fini del compimento di ricerche statistiche e di mercato, attraverso la definizione degli orientamenti nel mercato e\/o preferenze commerciali del RICHIEDENTE;<\/p>\n<p>2) II trattamento dei dati del RICHIEDENTE viene effettuato con l&#8217;ausilio di supporti elettronici ed automatizzati di tipo informatico, tramite Server collegati in rete . Le metodologie applicate garantiscono, infatti, la non interferenza tra i trattamenti relativi alle varie finalit\u00e0 e l&#8217;accesso limitato ai soli incaricati per ciascuna delle finalit\u00e0 inerenti il rapporto intercorrente tra il RICHIEDENTE e CAPODANNO A MILANO.<br \/>\nIl RICHIEDENTE avr\u00e0 sempre diritto di integrare, modificare e\/o aggiornare i propri dati, in qualsiasi momento, mediante richiesta scritta all&#8217;indirizzo di posta elettronica: info@capodannoamilano.it<\/p>\n<p>3) Il conferimento dei dati da parte del RICHIEDENTE deve ritenersi obbligatorio per le finalit\u00e0 di cui al precedente punto n.1, lett. A) e B) e pertanto il suo eventuale rifiuto determina l&#8217;impossibilit\u00e0 a prestare il servizio richiesto.<\/p>\n<p>4) I dati in nostro possesso sono esclusivamente quelli fornitici dal RICHIEDENTE registrato on line.<\/p>\n<p>Del RICHIEDENTE REGISTRATO conserviamo i seguenti dati: Indirizzo di posta elettronica (OBBLIGATORI PER REGISTRARSI) e Numero di Telefono cellulare (FACOLTATIVO PER REGISTARSI).<\/p>\n<p>Sul nostro sito www.capodannoamilano.it NON pubblichiamo: Indirizzo di posta elettronica, Numero di cellulare, Dati di accesso. Non trattiamo dati sensibili o giudiziari. Eventuali dati trasmessi, attraverso commenti e\/o messaggi, dai RICHIEDENTI REGISTRATI, riguardanti gli stessi o soggetti terzi, che possano assurgere alla categoria di dati sensibili (ai sensi del Decreto Legislativo 196\/2003) verranno trattati esclusivamente per finalit\u00e0 di archivio storico, e non saranno in alcun modo oggetto di comunicazione o diffusione a terzi.<\/p>\n<p>Il RICHIEDENTE REGISTRATO comunicando tali dati ne acconsente la pubblicazione e si assume tutte le responsabilit\u00e0 conseguenti. I dati in questione potranno essere comunicati, per tutte le finalit\u00e0 indicate al precedente punto 1, lett. A) e B) a soggetti terzi, incaricati dell&#8217;esecuzione di attivit\u00e0 direttamente connesse e strumentali all&#8217;esecuzione del rapporto (ad esempio per la prenotazione di tavoli nei locali), nonch\u00e9 &#8211; previo consenso del RICHIEDENTE &#8211; a soggetti e\/o societ\u00e0 terze per le finalit\u00e0 di cui al precedente punto n. 1 lett. C) e D).<\/p>\n<p>5) Il Titolare del trattamento dei suoi dati personali \u00e8 CAPODANNOAMILANO.it.<\/p>\n<p>DIRITTI DEL RICHIEDENTE<br \/>\nLa informiamo altres\u00ec che ai sensi dell&#8217;art 7 D.Lgs. n. 196\/2003:<\/p>\n<p>1. Il RICHIEDENTE ha diritto di ottenere la conferma dell&#8217;esistenza o meno di dati personali che lo riguardano, anche se non ancora registrati, e la loro comunicazione in forma intelligibile.<br \/>\n2. Il RICHIEDENTE ha diritto di ottenere l&#8217;indicazione: a) dell&#8217;origine dei dati personali; b) delle finalit\u00e0 e modalit\u00e0 del trattamento; c) della logica applicata in caso di trattamento effettuato con l&#8217;ausilio di strumenti elettronici; d) degli estremi identificativi del titolare, dei responsabili e del rappresentante designato ai sensi dell&#8217;articolo 5, comma 2; e) dei soggetti o delle categorie di soggetti ai quali i dati personali possono essere comunicati o che possono venirne a conoscenza in qualit\u00e0 di rappresentante designato nel territorio dello Stato, di responsabili o incaricati.<br \/>\n3. Il RICHIEDENTE ha diritto di ottenere:<br \/>\na) l&#8217;aggiornamento, la rettificazione ovvero, quando vi ha interesse, l&#8217;integrazione dei dati;<br \/>\nb) la cancellazione, la trasformazione in forma anonima o il blocco dei dati trattati in violazione di legge, compresi quelli di cui non \u00e8 necessaria la conservazione in relazione agli scopi per i quali i dati sono stati raccolti o successivamente trattati;<br \/>\nc) l&#8217;attestazione che le operazioni di cui alle lettere a) e b) sono state portate a conoscenza, anche per quanto riguarda il loro contenuto, di coloro ai quali i dati sono stati comunicati o diffusi, eccettuato il caso in cui tale adempimento si rivela impossibile o comporta un impiego di mezzi manifestamente sproporzionato rispetto al diritto tutelato.<br \/>\n4. Il RICHIEDENTE ha diritto di opporsi, in tutto o in parte:<br \/>\na) per motivi legittimi al trattamento dei dati personali che lo riguardano, ancorch\u00e9 pertinenti allo scopo della raccolta;<br \/>\nb) al trattamento di dati personali che lo riguardano a fini di invio di materiale pubblicitario o di vendita diretta o per il compimento di ricerche di mercato o di comunicazione commerciale.<\/p>\n<p>Per quanto riguarda le modalit\u00e0 di esercizio dei predetti diritti, si rinvia all&#8217;art. 8 (Esercizio dei diritti), art. 9 (Modalit\u00e0 di esercizio) ed art. 10 (Riscontro al RICHIEDENTE) del medesimo D.Lgs. 196\/2003.<\/p>\n<p>Per l&#8217;esercizio dei sopracitati diritti, potr\u00e0 contattare il responsabile del trattamento dei dati, scrivendo all&#8217;indirizzo di posta elettronica info@capodannoamilano.it<\/p>\n<p>Per ciascuna richiesta di cui al comma 1 pu\u00f2 essere chiesto al RICHIEDENTE, ove non risulti confermata l&#8217;esistenza di dati che lo riguardano, un contributo spese, non superiore ai costi effettivamente sopportati. I diritti di cui al comma 1 riferiti ai dati personali concernenti persone decedute possono essere esercitati da chiunque vi abbia interesse. Nell&#8217;esercizio dei diritti di cui al comma 1 il RICHIEDENTE pu\u00f2 conferire per iscritto, delega o procura a persone fisiche o ad associazioni.<\/p>\n","protected":false},"excerpt":{"rendered":"<p>Informativa al RICHIEDENTE ai sensi del Decreto Legislativo 196\/2003 e consenso al trattamento dei dati Il Decreto Legislativo n. 196 del 30 giugno 2003 garantisce che il trattamento dei dati personali si svolga nel rispetto dei diritti, delle libert\u00e0 fondamentali e della dignit\u00e0 dell&#8217;interessato, con particolare riferimento alla riservatezza, all&#8217;identit\u00e0 personale ed al diritto alla&hellip;<\/p>\n","protected":false},"author":1,"featured_media":0,"parent":0,"menu_order":0,"comment_status":"closed","ping_status":"closed","template":"","meta":[],"yoast_head":"<!-- This site is optimized with the Yoast SEO plugin v19.10 - https:\/\/yoast.com\/wordpress\/plugins\/seo\/ -->\n<title>Term &amp; Conditions - nouvelanamilan.com<\/title>\n<meta name=\"robots\" content=\"index, follow, max-snippet:-1, max-image-preview:large, max-video-preview:-1\" \/>\n<link rel=\"canonical\" href=\"https:\/\/nouvelanamilan.com\/en\/term-conditions\/\" \/>\n<meta property=\"og:locale\" content=\"en_US\" \/>\n<meta property=\"og:type\" content=\"article\" \/>\n<meta property=\"og:title\" content=\"Term &amp; Conditions - nouvelanamilan.com\" \/>\n<meta property=\"og:description\" content=\"Informativa al RICHIEDENTE ai sensi del Decreto Legislativo 196\/2003 e consenso al trattamento dei dati Il Decreto Legislativo n. 196 del 30 giugno 2003 garantisce che il trattamento dei dati personali si svolga nel rispetto dei diritti, delle libert\u00e0 fondamentali e della dignit\u00e0 dell&#8217;interessato, con particolare riferimento alla riservatezza, all&#8217;identit\u00e0 personale ed al diritto alla&hellip;\" \/>\n<meta property=\"og:url\" content=\"https:\/\/nouvelanamilan.com\/en\/term-conditions\/\" \/>\n<meta property=\"og:site_name\" content=\"nouvelanamilan.com\" \/>\n<meta property=\"article:publisher\" content=\"https:\/\/www.facebook.com\/Capodanno-a-Milano-141027776004245\/\" \/>\n<meta property=\"article:modified_time\" content=\"2019-05-17T14:03:44+00:00\" \/>\n<meta name=\"twitter:card\" content=\"summary_large_image\" \/>\n<meta name=\"twitter:label1\" content=\"Est. reading time\" \/>\n\t<meta name=\"twitter:data1\" content=\"11 minutes\" \/>\n<script type=\"application\/ld+json\" class=\"yoast-schema-graph\">{\"@context\":\"https:\/\/schema.org\",\"@graph\":[{\"@type\":\"WebPage\",\"@id\":\"https:\/\/nouvelanamilan.com\/en\/term-conditions\/\",\"url\":\"https:\/\/nouvelanamilan.com\/en\/term-conditions\/\",\"name\":\"Term & Conditions - nouvelanamilan.com\",\"isPartOf\":{\"@id\":\"https:\/\/nouvelanamilan.com\/en\/#website\"},\"datePublished\":\"2017-12-15T10:26:09+00:00\",\"dateModified\":\"2019-05-17T14:03:44+00:00\",\"breadcrumb\":{\"@id\":\"https:\/\/nouvelanamilan.com\/en\/term-conditions\/#breadcrumb\"},\"inLanguage\":\"en-US\",\"potentialAction\":[{\"@type\":\"ReadAction\",\"target\":[\"https:\/\/nouvelanamilan.com\/en\/term-conditions\/\"]}]},{\"@type\":\"BreadcrumbList\",\"@id\":\"https:\/\/nouvelanamilan.com\/en\/term-conditions\/#breadcrumb\",\"itemListElement\":[{\"@type\":\"ListItem\",\"position\":1,\"name\":\"Home\",\"item\":\"https:\/\/nouvelanamilan.com\/en\/\"},{\"@type\":\"ListItem\",\"position\":2,\"name\":\"Term &#038; Conditions\"}]},{\"@type\":\"WebSite\",\"@id\":\"https:\/\/nouvelanamilan.com\/en\/#website\",\"url\":\"https:\/\/nouvelanamilan.com\/en\/\",\"name\":\"nouvelanamilan.com\",\"description\":\"Tout ce que vous devez savoir sur le Nouvel An Milanais\",\"publisher\":{\"@id\":\"https:\/\/nouvelanamilan.com\/en\/#organization\"},\"potentialAction\":[{\"@type\":\"SearchAction\",\"target\":{\"@type\":\"EntryPoint\",\"urlTemplate\":\"https:\/\/nouvelanamilan.com\/en\/?s={search_term_string}\"},\"query-input\":\"required name=search_term_string\"}],\"inLanguage\":\"en-US\"},{\"@type\":\"Organization\",\"@id\":\"https:\/\/nouvelanamilan.com\/en\/#organization\",\"name\":\"capodannoamilano.it\",\"url\":\"https:\/\/nouvelanamilan.com\/en\/\",\"logo\":{\"@type\":\"ImageObject\",\"inLanguage\":\"en-US\",\"@id\":\"https:\/\/nouvelanamilan.com\/en\/#\/schema\/logo\/image\/\",\"url\":\"https:\/\/www.capodannoamilano.it\/wp-content\/uploads\/PROVE-ILLUSTRATOR-copy-1.png\",\"contentUrl\":\"https:\/\/www.capodannoamilano.it\/wp-content\/uploads\/PROVE-ILLUSTRATOR-copy-1.png\",\"width\":5913,\"height\":1413,\"caption\":\"capodannoamilano.it\"},\"image\":{\"@id\":\"https:\/\/nouvelanamilan.com\/en\/#\/schema\/logo\/image\/\"},\"sameAs\":[\"https:\/\/www.instagram.com\/capodanno_a_milano\/\",\"https:\/\/www.youtube.com\/channel\/UCf7hoiHTZGdnxObx3gkuRQg\",\"https:\/\/www.facebook.com\/Capodanno-a-Milano-141027776004245\/\"]}]}<\/script>\n<!-- \/ Yoast SEO plugin. -->","yoast_head_json":{"title":"Term & Conditions - nouvelanamilan.com","robots":{"index":"index","follow":"follow","max-snippet":"max-snippet:-1","max-image-preview":"max-image-preview:large","max-video-preview":"max-video-preview:-1"},"canonical":"https:\/\/nouvelanamilan.com\/en\/term-conditions\/","og_locale":"en_US","og_type":"article","og_title":"Term & Conditions - nouvelanamilan.com","og_description":"Informativa al RICHIEDENTE ai sensi del Decreto Legislativo 196\/2003 e consenso al trattamento dei dati Il Decreto Legislativo n. 196 del 30 giugno 2003 garantisce che il trattamento dei dati personali si svolga nel rispetto dei diritti, delle libert\u00e0 fondamentali e della dignit\u00e0 dell&#8217;interessato, con particolare riferimento alla riservatezza, all&#8217;identit\u00e0 personale ed al diritto alla&hellip;","og_url":"https:\/\/nouvelanamilan.com\/en\/term-conditions\/","og_site_name":"nouvelanamilan.com","article_publisher":"https:\/\/www.facebook.com\/Capodanno-a-Milano-141027776004245\/","article_modified_time":"2019-05-17T14:03:44+00:00","twitter_card":"summary_large_image","twitter_misc":{"Est. reading time":"11 minutes"},"schema":{"@context":"https:\/\/schema.org","@graph":[{"@type":"WebPage","@id":"https:\/\/nouvelanamilan.com\/en\/term-conditions\/","url":"https:\/\/nouvelanamilan.com\/en\/term-conditions\/","name":"Term & Conditions - nouvelanamilan.com","isPartOf":{"@id":"https:\/\/nouvelanamilan.com\/en\/#website"},"datePublished":"2017-12-15T10:26:09+00:00","dateModified":"2019-05-17T14:03:44+00:00","breadcrumb":{"@id":"https:\/\/nouvelanamilan.com\/en\/term-conditions\/#breadcrumb"},"inLanguage":"en-US","potentialAction":[{"@type":"ReadAction","target":["https:\/\/nouvelanamilan.com\/en\/term-conditions\/"]}]},{"@type":"BreadcrumbList","@id":"https:\/\/nouvelanamilan.com\/en\/term-conditions\/#breadcrumb","itemListElement":[{"@type":"ListItem","position":1,"name":"Home","item":"https:\/\/nouvelanamilan.com\/en\/"},{"@type":"ListItem","position":2,"name":"Term &#038; Conditions"}]},{"@type":"WebSite","@id":"https:\/\/nouvelanamilan.com\/en\/#website","url":"https:\/\/nouvelanamilan.com\/en\/","name":"nouvelanamilan.com","description":"Tout ce que vous devez savoir sur le Nouvel An Milanais","publisher":{"@id":"https:\/\/nouvelanamilan.com\/en\/#organization"},"potentialAction":[{"@type":"SearchAction","target":{"@type":"EntryPoint","urlTemplate":"https:\/\/nouvelanamilan.com\/en\/?s={search_term_string}"},"query-input":"required name=search_term_string"}],"inLanguage":"en-US"},{"@type":"Organization","@id":"https:\/\/nouvelanamilan.com\/en\/#organization","name":"capodannoamilano.it","url":"https:\/\/nouvelanamilan.com\/en\/","logo":{"@type":"ImageObject","inLanguage":"en-US","@id":"https:\/\/nouvelanamilan.com\/en\/#\/schema\/logo\/image\/","url":"https:\/\/www.capodannoamilano.it\/wp-content\/uploads\/PROVE-ILLUSTRATOR-copy-1.png","contentUrl":"https:\/\/www.capodannoamilano.it\/wp-content\/uploads\/PROVE-ILLUSTRATOR-copy-1.png","width":5913,"height":1413,"caption":"capodannoamilano.it"},"image":{"@id":"https:\/\/nouvelanamilan.com\/en\/#\/schema\/logo\/image\/"},"sameAs":["https:\/\/www.instagram.com\/capodanno_a_milano\/","https:\/\/www.youtube.com\/channel\/UCf7hoiHTZGdnxObx3gkuRQg","https:\/\/www.facebook.com\/Capodanno-a-Milano-141027776004245\/"]}]}},"_links":{"self":[{"href":"https:\/\/nouvelanamilan.com\/en\/wp-json\/wp\/v2\/pages\/451"}],"collection":[{"href":"https:\/\/nouvelanamilan.com\/en\/wp-json\/wp\/v2\/pages"}],"about":[{"href":"https:\/\/nouvelanamilan.com\/en\/wp-json\/wp\/v2\/types\/page"}],"author":[{"embeddable":true,"href":"https:\/\/nouvelanamilan.com\/en\/wp-json\/wp\/v2\/users\/1"}],"replies":[{"embeddable":true,"href":"https:\/\/nouvelanamilan.com\/en\/wp-json\/wp\/v2\/comments?post=451"}],"version-history":[{"count":1,"href":"https:\/\/nouvelanamilan.com\/en\/wp-json\/wp\/v2\/pages\/451\/revisions"}],"predecessor-version":[{"id":18329,"href":"https:\/\/nouvelanamilan.com\/en\/wp-json\/wp\/v2\/pages\/451\/revisions\/18329"}],"wp:attachment":[{"href":"https:\/\/nouvelanamilan.com\/en\/wp-json\/wp\/v2\/media?parent=451"}],"curies":[{"name":"wp","href":"https:\/\/api.w.org\/{rel}","templated":true}]}}